{"id":3834,"date":"2024-06-27T23:36:46","date_gmt":"2024-06-27T21:36:46","guid":{"rendered":"https:\/\/maison-des-accompagnateurs.fr\/?page_id=3834"},"modified":"2025-03-16T21:18:47","modified_gmt":"2025-03-16T20:18:47","slug":"grand-causse","status":"publish","type":"page","link":"https:\/\/maison-des-accompagnateurs.fr\/?page_id=3834","title":{"rendered":"C\u00e9vennes"},"content":{"rendered":"<p>[vc_section][vc_row][vc_column]<div class=\"wpb_content_element \"><style type=\"text\/css\">#ut_header_69f45bee26be6 h1.page-title { font-size:30px !important; }<\/style><header id=\"ut_header_69f45bee26be6\" class=\"page-header page-title-module  ut-no-title-linebreak-mobile ut-no-lead-linebreak-mobile pt-style-2 header-center header-tablet-center header-mobile-center\"><h1 data-title=\"C\u00e9vennes\"  data-responsive-font=\"page_title\" data-responsive-font-settings=\"{&quot;base-font-size&quot;:&quot;global&quot;,&quot;font-size&quot;:{&quot;desktop_large&quot;:&quot;30&quot;},&quot;base-line-height&quot;:&quot;global&quot;,&quot;base-letter-spacing&quot;:&quot;global&quot;}\" class=\"page-title  \"><span>C\u00e9vennes<\/span><\/h1><div data-delay=\"0\" class=\"lead \"><p>Le C\u00e9venne Aventure<\/p>\n<\/div><\/header><\/div>[\/vc_column][\/vc_row][vc_row][vc_column]<div id=\"ut_oms_69f45bee29c42\" class=\"wpb_content_element \"><style type=\"text\/css\"> #ut_oms_69f45bee29c42 .ut-gallery-slider-caption-wrap::before { content: \"\"; }<\/style><div class=\"ut-owl-gallery-slider-wrap ut-owl-gallery-slider-style-two\"><div id=\"ut_ms_69f45bee29c41\" class=\"ut-owl-gallery-slider owl-carousel owl-theme \" data-settings=\"{&quot;items&quot;:&quot;1&quot;,&quot;lazyLoad&quot;:true,&quot;smartSpeed&quot;:600,&quot;animateIn&quot;:false,&quot;animateOut&quot;:false,&quot;autoplay&quot;:true,&quot;autoplayHoverPause&quot;:true,&quot;autoplayTimeout&quot;:&quot;10&quot;,&quot;loop&quot;:true,&quot;nav&quot;:false,&quot;dots&quot;:false,&quot;lightbox&quot;:&quot;yes&quot;}\"><div><figure class=\"ut-gallery-slider-caption-wrap\"><a data-title=\"IMG-20240815-WA0005\" data-caption=\"\" data-caption-color=\"\" data-caption-background=\"\" data-trigger-id=\"ut-lightbox-trigger-4190\" data-exthumbimage=\"https:\/\/maison-des-accompagnateurs.fr\/wp-content\/uploads\/2025\/02\/IMG-20240815-WA0005-200x200.jpg\" href=\"https:\/\/maison-des-accompagnateurs.fr\/wp-content\/uploads\/2025\/02\/IMG-20240815-WA0005.jpg\" class=\"for-lightbox ut-slider-maximize\"><i class=\"Bklyn-Core-Maximize-3\"><\/i><\/a><img class=\"item owl-lazy\"  data-src=\"https:\/\/maison-des-accompagnateurs.fr\/wp-content\/uploads\/2025\/02\/IMG-20240815-WA0005-650x433.jpg\" \/><\/figure><\/div><div><figure class=\"ut-gallery-slider-caption-wrap\"><a data-title=\"IMG-20240818-WA0008\" data-caption=\"\" data-caption-color=\"\" data-caption-background=\"\" data-trigger-id=\"ut-lightbox-trigger-4191\" data-exthumbimage=\"https:\/\/maison-des-accompagnateurs.fr\/wp-content\/uploads\/2025\/02\/IMG-20240818-WA0008-200x200.jpg\" href=\"https:\/\/maison-des-accompagnateurs.fr\/wp-content\/uploads\/2025\/02\/IMG-20240818-WA0008.jpg\" class=\"for-lightbox ut-slider-maximize\"><i class=\"Bklyn-Core-Maximize-3\"><\/i><\/a><img class=\"item owl-lazy\"  data-src=\"https:\/\/maison-des-accompagnateurs.fr\/wp-content\/uploads\/2025\/02\/IMG-20240818-WA0008-650x433.jpg\" \/><\/figure><\/div><div><figure class=\"ut-gallery-slider-caption-wrap\"><a data-title=\"IMG-20230823-WA0014\" data-caption=\"\" data-caption-color=\"\" data-caption-background=\"\" data-trigger-id=\"ut-lightbox-trigger-4192\" data-exthumbimage=\"https:\/\/maison-des-accompagnateurs.fr\/wp-content\/uploads\/2025\/02\/IMG-20230823-WA0014-200x200.jpg\" href=\"https:\/\/maison-des-accompagnateurs.fr\/wp-content\/uploads\/2025\/02\/IMG-20230823-WA0014.jpg\" class=\"for-lightbox ut-slider-maximize\"><i class=\"Bklyn-Core-Maximize-3\"><\/i><\/a><img class=\"item owl-lazy\"  data-src=\"https:\/\/maison-des-accompagnateurs.fr\/wp-content\/uploads\/2025\/02\/IMG-20230823-WA0014-650x433.jpg\" \/><\/figure><\/div><div><figure class=\"ut-gallery-slider-caption-wrap\"><a data-title=\"IMG-20240804-WA0010\" data-caption=\"\" data-caption-color=\"\" data-caption-background=\"\" data-trigger-id=\"ut-lightbox-trigger-4193\" data-exthumbimage=\"https:\/\/maison-des-accompagnateurs.fr\/wp-content\/uploads\/2025\/02\/IMG-20240804-WA0010-200x200.jpg\" href=\"https:\/\/maison-des-accompagnateurs.fr\/wp-content\/uploads\/2025\/02\/IMG-20240804-WA0010.jpg\" class=\"for-lightbox ut-slider-maximize\"><i class=\"Bklyn-Core-Maximize-3\"><\/i><\/a><img class=\"item owl-lazy\"  data-src=\"https:\/\/maison-des-accompagnateurs.fr\/wp-content\/uploads\/2025\/02\/IMG-20240804-WA0010-650x433.jpg\" \/><\/figure><\/div><div><figure class=\"ut-gallery-slider-caption-wrap\"><a data-title=\"IMG-20240731-WA0002 (1)\" data-caption=\"\" data-caption-color=\"\" data-caption-background=\"\" data-trigger-id=\"ut-lightbox-trigger-4194\" data-exthumbimage=\"https:\/\/maison-des-accompagnateurs.fr\/wp-content\/uploads\/2025\/02\/IMG-20240731-WA0002-1-200x200.jpg\" href=\"https:\/\/maison-des-accompagnateurs.fr\/wp-content\/uploads\/2025\/02\/IMG-20240731-WA0002-1.jpg\" class=\"for-lightbox ut-slider-maximize\"><i class=\"Bklyn-Core-Maximize-3\"><\/i><\/a><img class=\"item owl-lazy\"  data-src=\"https:\/\/maison-des-accompagnateurs.fr\/wp-content\/uploads\/2025\/02\/IMG-20240731-WA0002-1-650x433.jpg\" \/><\/figure><\/div><div><figure class=\"ut-gallery-slider-caption-wrap\"><a data-title=\"IMG-20240724-WA0046\" data-caption=\"\" data-caption-color=\"\" data-caption-background=\"\" data-trigger-id=\"ut-lightbox-trigger-4195\" data-exthumbimage=\"https:\/\/maison-des-accompagnateurs.fr\/wp-content\/uploads\/2025\/02\/IMG-20240724-WA0046-200x200.jpg\" href=\"https:\/\/maison-des-accompagnateurs.fr\/wp-content\/uploads\/2025\/02\/IMG-20240724-WA0046.jpg\" class=\"for-lightbox ut-slider-maximize\"><i class=\"Bklyn-Core-Maximize-3\"><\/i><\/a><img class=\"item owl-lazy\"  data-src=\"https:\/\/maison-des-accompagnateurs.fr\/wp-content\/uploads\/2025\/02\/IMG-20240724-WA0046-650x433.jpg\" \/><\/figure><\/div><div><figure class=\"ut-gallery-slider-caption-wrap\"><a data-title=\"IMG-20240731-WA0002\" data-caption=\"\" data-caption-color=\"\" data-caption-background=\"\" data-trigger-id=\"ut-lightbox-trigger-4196\" data-exthumbimage=\"https:\/\/maison-des-accompagnateurs.fr\/wp-content\/uploads\/2025\/02\/IMG-20240731-WA0002-200x200.jpg\" href=\"https:\/\/maison-des-accompagnateurs.fr\/wp-content\/uploads\/2025\/02\/IMG-20240731-WA0002.jpg\" class=\"for-lightbox ut-slider-maximize\"><i class=\"Bklyn-Core-Maximize-3\"><\/i><\/a><img class=\"item owl-lazy\"  data-src=\"https:\/\/maison-des-accompagnateurs.fr\/wp-content\/uploads\/2025\/02\/IMG-20240731-WA0002-650x433.jpg\" \/><\/figure><\/div><div><figure class=\"ut-gallery-slider-caption-wrap\"><a data-title=\"IMG-20240731-WA0001\" data-caption=\"\" data-caption-color=\"\" data-caption-background=\"\" data-trigger-id=\"ut-lightbox-trigger-4197\" data-exthumbimage=\"https:\/\/maison-des-accompagnateurs.fr\/wp-content\/uploads\/2025\/02\/IMG-20240731-WA0001-200x200.jpg\" href=\"https:\/\/maison-des-accompagnateurs.fr\/wp-content\/uploads\/2025\/02\/IMG-20240731-WA0001.jpg\" class=\"for-lightbox ut-slider-maximize\"><i class=\"Bklyn-Core-Maximize-3\"><\/i><\/a><img class=\"item owl-lazy\"  data-src=\"https:\/\/maison-des-accompagnateurs.fr\/wp-content\/uploads\/2025\/02\/IMG-20240731-WA0001-650x433.jpg\" \/><\/figure><\/div><div><figure class=\"ut-gallery-slider-caption-wrap\"><a data-title=\"sejour-multi-activite-famille-france (1)\" data-caption=\"\" data-caption-color=\"\" data-caption-background=\"\" data-trigger-id=\"ut-lightbox-trigger-4109\" data-exthumbimage=\"https:\/\/maison-des-accompagnateurs.fr\/wp-content\/uploads\/2025\/02\/sejour-multi-activite-famille-france-1-200x200.jpeg\" href=\"https:\/\/maison-des-accompagnateurs.fr\/wp-content\/uploads\/2025\/02\/sejour-multi-activite-famille-france-1.jpeg\" class=\"for-lightbox ut-slider-maximize\"><i class=\"Bklyn-Core-Maximize-3\"><\/i><\/a><img class=\"item owl-lazy\"  data-src=\"https:\/\/maison-des-accompagnateurs.fr\/wp-content\/uploads\/2025\/02\/sejour-multi-activite-famille-france-1-650x433.jpeg\" \/><\/figure><\/div><div><figure class=\"ut-gallery-slider-caption-wrap\"><a data-title=\"sejour-famille-ecotourisme-insolite\" data-caption=\"\" data-caption-color=\"\" data-caption-background=\"\" data-trigger-id=\"ut-lightbox-trigger-4110\" data-exthumbimage=\"https:\/\/maison-des-accompagnateurs.fr\/wp-content\/uploads\/2025\/02\/sejour-famille-ecotourisme-insolite-200x200.jpeg\" href=\"https:\/\/maison-des-accompagnateurs.fr\/wp-content\/uploads\/2025\/02\/sejour-famille-ecotourisme-insolite.jpeg\" class=\"for-lightbox ut-slider-maximize\"><i class=\"Bklyn-Core-Maximize-3\"><\/i><\/a><img class=\"item owl-lazy\"  data-src=\"https:\/\/maison-des-accompagnateurs.fr\/wp-content\/uploads\/2025\/02\/sejour-famille-ecotourisme-insolite-650x433.jpeg\" \/><\/figure><\/div><div><figure class=\"ut-gallery-slider-caption-wrap\"><a data-title=\"sejour-famille-cevennes-multiactivite\" data-caption=\"\" data-caption-color=\"\" data-caption-background=\"\" data-trigger-id=\"ut-lightbox-trigger-4111\" data-exthumbimage=\"https:\/\/maison-des-accompagnateurs.fr\/wp-content\/uploads\/2025\/02\/sejour-famille-cevennes-multiactivite-200x200.jpeg\" href=\"https:\/\/maison-des-accompagnateurs.fr\/wp-content\/uploads\/2025\/02\/sejour-famille-cevennes-multiactivite.jpeg\" class=\"for-lightbox ut-slider-maximize\"><i class=\"Bklyn-Core-Maximize-3\"><\/i><\/a><img class=\"item owl-lazy\"  data-src=\"https:\/\/maison-des-accompagnateurs.fr\/wp-content\/uploads\/2025\/02\/sejour-famille-cevennes-multiactivite-650x433.jpeg\" \/><\/figure><\/div><div><figure class=\"ut-gallery-slider-caption-wrap\"><a data-title=\"sejour-enfants-famille-nature\" data-caption=\"\" data-caption-color=\"\" data-caption-background=\"\" data-trigger-id=\"ut-lightbox-trigger-4112\" data-exthumbimage=\"https:\/\/maison-des-accompagnateurs.fr\/wp-content\/uploads\/2025\/02\/sejour-enfants-famille-nature-200x200.jpeg\" href=\"https:\/\/maison-des-accompagnateurs.fr\/wp-content\/uploads\/2025\/02\/sejour-enfants-famille-nature.jpeg\" class=\"for-lightbox ut-slider-maximize\"><i class=\"Bklyn-Core-Maximize-3\"><\/i><\/a><img class=\"item owl-lazy\"  data-src=\"https:\/\/maison-des-accompagnateurs.fr\/wp-content\/uploads\/2025\/02\/sejour-enfants-famille-nature-650x433.jpeg\" \/><\/figure><\/div><div><figure data-caption=\"OLYMPUS DIGITAL CAMERA\" class=\"ut-gallery-slider-caption-wrap\"><a data-title=\"OLYMPUS DIGITAL CAMERA\" data-caption=\"OLYMPUS DIGITAL CAMERA\" data-caption-color=\"\" data-caption-background=\"\" data-sub-html=\"#ut-image-caption-4113\" data-exthumbimage=\"https:\/\/maison-des-accompagnateurs.fr\/wp-content\/uploads\/2025\/02\/sejour-aventure-depaysant-famille-200x200.jpeg\" href=\"https:\/\/maison-des-accompagnateurs.fr\/wp-content\/uploads\/2025\/02\/sejour-aventure-depaysant-famille.jpeg\" class=\"for-lightbox ut-slider-maximize\"><i class=\"Bklyn-Core-Maximize-3\"><\/i><\/a><img alt=\"OLYMPUS DIGITAL CAMERA\" class=\"item owl-lazy\" data-src=\"https:\/\/maison-des-accompagnateurs.fr\/wp-content\/uploads\/2025\/02\/sejour-aventure-depaysant-famille-650x433.jpeg\" \/><\/figure><div id=\"ut-image-caption-4113\" class=\"ut-vc-images-lightbox-caption\">OLYMPUS DIGITAL CAMERA<\/div><\/div><div><figure data-caption=\"OLYMPUS DIGITAL CAMERA\" class=\"ut-gallery-slider-caption-wrap\"><a data-title=\"OLYMPUS DIGITAL CAMERA\" data-caption=\"OLYMPUS DIGITAL CAMERA\" data-caption-color=\"\" data-caption-background=\"\" data-sub-html=\"#ut-image-caption-4114\" data-exthumbimage=\"https:\/\/maison-des-accompagnateurs.fr\/wp-content\/uploads\/2025\/02\/sejour-ado-famille-nature-200x200.jpeg\" href=\"https:\/\/maison-des-accompagnateurs.fr\/wp-content\/uploads\/2025\/02\/sejour-ado-famille-nature.jpeg\" class=\"for-lightbox ut-slider-maximize\"><i class=\"Bklyn-Core-Maximize-3\"><\/i><\/a><img alt=\"OLYMPUS DIGITAL CAMERA\" class=\"item owl-lazy\" data-src=\"https:\/\/maison-des-accompagnateurs.fr\/wp-content\/uploads\/2025\/02\/sejour-ado-famille-nature-650x433.jpeg\" \/><\/figure><div id=\"ut-image-caption-4114\" class=\"ut-vc-images-lightbox-caption\">OLYMPUS DIGITAL CAMERA<\/div><\/div><div><figure class=\"ut-gallery-slider-caption-wrap\"><a data-title=\"voyage-famille-sports-nature-france\" data-caption=\"\" data-caption-color=\"\" data-caption-background=\"\" data-trigger-id=\"ut-lightbox-trigger-4115\" data-exthumbimage=\"https:\/\/maison-des-accompagnateurs.fr\/wp-content\/uploads\/2025\/02\/voyage-famille-sports-nature-france-200x200.jpeg\" href=\"https:\/\/maison-des-accompagnateurs.fr\/wp-content\/uploads\/2025\/02\/voyage-famille-sports-nature-france.jpeg\" class=\"for-lightbox ut-slider-maximize\"><i class=\"Bklyn-Core-Maximize-3\"><\/i><\/a><img class=\"item owl-lazy\"  data-src=\"https:\/\/maison-des-accompagnateurs.fr\/wp-content\/uploads\/2025\/02\/voyage-famille-sports-nature-france-650x433.jpeg\" \/><\/figure><\/div><div><figure class=\"ut-gallery-slider-caption-wrap\"><a data-title=\"vacances-groupe-famille-sport\" data-caption=\"\" data-caption-color=\"\" data-caption-background=\"\" data-trigger-id=\"ut-lightbox-trigger-4116\" data-exthumbimage=\"https:\/\/maison-des-accompagnateurs.fr\/wp-content\/uploads\/2025\/02\/vacances-groupe-famille-sport-200x200.jpeg\" href=\"https:\/\/maison-des-accompagnateurs.fr\/wp-content\/uploads\/2025\/02\/vacances-groupe-famille-sport.jpeg\" class=\"for-lightbox ut-slider-maximize\"><i class=\"Bklyn-Core-Maximize-3\"><\/i><\/a><img class=\"item owl-lazy\"  data-src=\"https:\/\/maison-des-accompagnateurs.fr\/wp-content\/uploads\/2025\/02\/vacances-groupe-famille-sport-650x433.jpeg\" \/><\/figure><\/div><div><figure class=\"ut-gallery-slider-caption-wrap\"><a data-title=\"vacances-famille-sport-nature-occitanie\" data-caption=\"\" data-caption-color=\"\" data-caption-background=\"\" data-trigger-id=\"ut-lightbox-trigger-4117\" data-exthumbimage=\"https:\/\/maison-des-accompagnateurs.fr\/wp-content\/uploads\/2025\/02\/vacances-famille-sport-nature-occitanie-200x200.jpeg\" href=\"https:\/\/maison-des-accompagnateurs.fr\/wp-content\/uploads\/2025\/02\/vacances-famille-sport-nature-occitanie.jpeg\" class=\"for-lightbox ut-slider-maximize\"><i class=\"Bklyn-Core-Maximize-3\"><\/i><\/a><img class=\"item owl-lazy\"  data-src=\"https:\/\/maison-des-accompagnateurs.fr\/wp-content\/uploads\/2025\/02\/vacances-famille-sport-nature-occitanie-650x433.jpeg\" \/><\/figure><\/div><div><figure class=\"ut-gallery-slider-caption-wrap\"><a data-title=\"vacances-enfants-ado-nature-france-sport\" data-caption=\"\" data-caption-color=\"\" data-caption-background=\"\" data-trigger-id=\"ut-lightbox-trigger-4118\" data-exthumbimage=\"https:\/\/maison-des-accompagnateurs.fr\/wp-content\/uploads\/2025\/02\/vacances-enfants-ado-nature-france-sport-200x200.jpeg\" href=\"https:\/\/maison-des-accompagnateurs.fr\/wp-content\/uploads\/2025\/02\/vacances-enfants-ado-nature-france-sport.jpeg\" class=\"for-lightbox ut-slider-maximize\"><i class=\"Bklyn-Core-Maximize-3\"><\/i><\/a><img class=\"item owl-lazy\"  data-src=\"https:\/\/maison-des-accompagnateurs.fr\/wp-content\/uploads\/2025\/02\/vacances-enfants-ado-nature-france-sport-650x433.jpeg\" \/><\/figure><\/div><div><figure class=\"ut-gallery-slider-caption-wrap\"><a data-title=\"vacances-aventure-famille-occitanie\" data-caption=\"\" data-caption-color=\"\" data-caption-background=\"\" data-trigger-id=\"ut-lightbox-trigger-4119\" data-exthumbimage=\"https:\/\/maison-des-accompagnateurs.fr\/wp-content\/uploads\/2025\/02\/vacances-aventure-famille-occitanie-200x200.jpeg\" href=\"https:\/\/maison-des-accompagnateurs.fr\/wp-content\/uploads\/2025\/02\/vacances-aventure-famille-occitanie.jpeg\" class=\"for-lightbox ut-slider-maximize\"><i class=\"Bklyn-Core-Maximize-3\"><\/i><\/a><img class=\"item owl-lazy\"  data-src=\"https:\/\/maison-des-accompagnateurs.fr\/wp-content\/uploads\/2025\/02\/vacances-aventure-famille-occitanie-650x433.jpeg\" \/><\/figure><\/div><div><figure class=\"ut-gallery-slider-caption-wrap\"><a data-title=\"vacances-actives-france-famille\" data-caption=\"\" data-caption-color=\"\" data-caption-background=\"\" data-trigger-id=\"ut-lightbox-trigger-4120\" data-exthumbimage=\"https:\/\/maison-des-accompagnateurs.fr\/wp-content\/uploads\/2025\/02\/vacances-actives-france-famille-1-200x200.jpeg\" href=\"https:\/\/maison-des-accompagnateurs.fr\/wp-content\/uploads\/2025\/02\/vacances-actives-france-famille-1.jpeg\" class=\"for-lightbox ut-slider-maximize\"><i class=\"Bklyn-Core-Maximize-3\"><\/i><\/a><img class=\"item owl-lazy\"  data-src=\"https:\/\/maison-des-accompagnateurs.fr\/wp-content\/uploads\/2025\/02\/vacances-actives-france-famille-1-650x433.jpeg\" \/><\/figure><\/div><div><figure class=\"ut-gallery-slider-caption-wrap\"><a data-title=\"sejour-multi-activite-famille-france\" data-caption=\"\" data-caption-color=\"\" data-caption-background=\"\" data-trigger-id=\"ut-lightbox-trigger-4121\" data-exthumbimage=\"https:\/\/maison-des-accompagnateurs.fr\/wp-content\/uploads\/2025\/02\/sejour-multi-activite-famille-france-200x200.jpeg\" href=\"https:\/\/maison-des-accompagnateurs.fr\/wp-content\/uploads\/2025\/02\/sejour-multi-activite-famille-france.jpeg\" class=\"for-lightbox ut-slider-maximize\"><i class=\"Bklyn-Core-Maximize-3\"><\/i><\/a><img class=\"item owl-lazy\"  data-src=\"https:\/\/maison-des-accompagnateurs.fr\/wp-content\/uploads\/2025\/02\/sejour-multi-activite-famille-france-650x433.jpeg\" \/><\/figure><\/div><div><figure class=\"ut-gallery-slider-caption-wrap\"><a data-title=\"randonnee-famille-gorges-du-tarn-sejour-france-vacances-sportives\" data-caption=\"\" data-caption-color=\"\" data-caption-background=\"\" data-trigger-id=\"ut-lightbox-trigger-4122\" data-exthumbimage=\"https:\/\/maison-des-accompagnateurs.fr\/wp-content\/uploads\/2025\/02\/randonnee-famille-gorges-du-tarn-sejour-france-vacances-sportives-1-200x200.jpg\" href=\"https:\/\/maison-des-accompagnateurs.fr\/wp-content\/uploads\/2025\/02\/randonnee-famille-gorges-du-tarn-sejour-france-vacances-sportives-1.jpg\" class=\"for-lightbox ut-slider-maximize\"><i class=\"Bklyn-Core-Maximize-3\"><\/i><\/a><img class=\"item owl-lazy\"  data-src=\"https:\/\/maison-des-accompagnateurs.fr\/wp-content\/uploads\/2025\/02\/randonnee-famille-gorges-du-tarn-sejour-france-vacances-sportives-1-650x433.jpg\" \/><\/figure><\/div><\/div><a href=\"#\" data-for=\"ut_ms_69f45bee29c41\" class=\"ut-prev-gallery-slide ut-single-slider-control\"><i class=\"Bklyn-Core-Left-2\"><\/i><\/a><a href=\"#\" data-for=\"ut_ms_69f45bee29c41\" class=\"ut-next-gallery-slide ut-single-slider-control\"><i class=\"Bklyn-Core-Right-2\"><\/i><\/a><\/div><\/div>[vc_column_text]<\/p>\n<div class=\"subhead\"><\/div>\n<div class=\"summary rt\">\n<div>\n<div>D\u00e8s 10 ans. Patrimoine mondial de l&rsquo;UNESCO, les parcs des C\u00e9vennes et des Grands Causses sont des paradis pour les amoureux de sports de nature ! Faites le plein de grand air et de sensations en famille avec ce s\u00e9jour multi-activit\u00e9 au coeur des C\u00e9vennes. Descendez les Gorges du Tarn en cano\u00eb, aventurez-vous en via-ferrata, testez le canyoning, randonnez \u00e0 la rencontre des vautours, descendez le Mont Aigoual en trottinette&#8230; Chaque soir, vous retrouvez votre h\u00e9bergement avec piscine au village anim\u00e9 de Meyrueis.<\/div>\n<\/div>\n<\/div>\n<p>[\/vc_column_text][\/vc_column][\/vc_row][vc_row][vc_column width=\u00a0\u00bb1\/2&Prime;][vc_gmaps link=\u00a0\u00bb#E-8_JTNDaWZyYW1lJTIwc3JjJTNEJTIyaHR0cHMlM0ElMkYlMkZ3d3cuZ29vZ2xlLmNvbSUyRm1hcHMlMkZlbWJlZCUzRnBiJTNEJTIxMW0xOCUyMTFtMTIlMjExbTMlMjExZDkxNTczLjkyMjkwNTIzNjk5JTIxMmQzLjM4MTk4MzkzMTczOTA2NSUyMTNkNDQuMTcyMzQ5NzY1NTM1OTYlMjEybTMlMjExZjAlMjEyZjAlMjEzZjAlMjEzbTIlMjExaTEwMjQlMjEyaTc2OCUyMTRmMTMuMSUyMTNtMyUyMTFtMiUyMTFzMHgxMmIzOTcwYmU0YzliYmYxJTI1M0EweDQwNzg4MjExNjY5YTI4MCUyMTJzNDgxNTAlMjUyME1leXJ1ZWlzJTIxNWUwJTIxM20yJTIxMXNmciUyMTJzZnIlMjE0djE3MzkzNjI1MDkwMzIlMjE1bTIlMjExc2ZyJTIxMnNmciUyMiUyMHdpZHRoJTNEJTIyNjAwJTIyJTIwaGVpZ2h0JTNEJTIyNDUwJTIyJTIwc3R5bGUlM0QlMjJib3JkZXIlM0EwJTNCJTIyJTIwYWxsb3dmdWxsc2NyZWVuJTNEJTIyJTIyJTIwbG9hZGluZyUzRCUyMmxhenklMjIlMjByZWZlcnJlcnBvbGljeSUzRCUyMm5vLXJlZmVycmVyLXdoZW4tZG93bmdyYWRlJTIyJTNFJTNDJTJGaWZyYW1lJTNF\u00a0\u00bb title=\u00a0\u00bbMeyrueis\u00a0\u00bb][\/vc_column][vc_column width=\u00a0\u00bb1\/2&Prime;][vc_column_text]<\/p>\n<section class=\"travel-trip-strengths\">\n<div class=\"heading\">Points forts<\/div>\n<ul>\n<li>Le parc national des C\u00e9vennes, class\u00e9 patrimoine mondial de l&rsquo;UNESCO<\/li>\n<li>Un s\u00e9jour multi-activit\u00e9s : canyoning, via ferrata, randonn\u00e9e, trotinette&#8230; encadr\u00e9 par des professionnels passionn\u00e9s<\/li>\n<li>Des activit\u00e9s sportives adaptables pour le bonheur de toute la famille<\/li>\n<li>Un h\u00e9bergement familial confortable avec piscine, situ\u00e9 \u00e0 deux pas du village<\/li>\n<li>Des baignades quotidiennes<\/li>\n<\/ul>\n<\/section>\n<p>&nbsp;<\/p>\n<section class=\"travel-trip-map\"><\/section>\n<p>[\/vc_column_text][vc_column_text]<a class=\"button book\" href=\"https:\/\/natureoccitane.fr\/fr\/cevennes-aventure-sejour-famille-dans-les-cevennes-multiactivite-hebergement-avec-piscine\/v15\/reservation\" rel=\"nofollow\">S&rsquo;inscrire \u00a0 <\/a><a class=\"button request\" href=\"https:\/\/natureoccitane.fr\/fr\/cevennes-aventure-sejour-famille-dans-les-cevennes-multiactivite-hebergement-avec-piscine\/v15\/devis\" rel=\"nofollow\">Demander un devis \u00a0<\/a><a class=\"button print\" href=\"https:\/\/natureoccitane.fr\/fr\/cevennes-aventure-sejour-famille-dans-les-cevennes-multiactivite-hebergement-avec-piscine\/v15\/export\/pdf\" rel=\"nofollow\">Imprimer la fiche PDF<\/a>[\/vc_column_text][\/vc_column][\/vc_row][vc_row][vc_column][vc_column_text]<\/p>\n<ul class=\"travel-trip-itinerary\">\n<li class=\"day\">\n<div class=\"heading\">\n<div class=\"day\">Jour 1 :<\/div>\n<h2 class=\"title\">RANDONN\u00c9E SUR LES CORNICHES DE LA JONTE ET DU TARN<\/h2>\n<\/div>\n<p class=\"brief\">4H DE MARCHE<\/p>\n<p class=\"descr\">Accueil \u00e0 9h30 \u00e0 Meyrueis, votre camp de base durant ce s\u00e9jour multi-activit\u00e9 famille dans les C\u00e9vennes. D\u00e9part pour une journ\u00e9e de randonn\u00e9e dominant les fameuses gorges de la Jonte et du Tarn, aux eaux limpides. Sur nos t\u00eates, les c\u00e9l\u00e8bres vautours fauves et moines nous survolent avec leur envergure de pr\u00e8s de trois m\u00e8tres.<br \/>\nD\u00eener et nuit \u00e0 Meyrueis \u00e0 votre g\u00eete avec piscine (h\u00f4tel *** en option).<\/p>\n<\/li>\n<li class=\"day\">\n<div class=\"heading\">\n<div class=\"day\">Jour 2 :<\/div>\n<h2 class=\"title\">INITIATION A LA VIA FERRATA &#8211; CANYONNING<\/h2>\n<\/div>\n<p class=\"brief\">5H D\u2019ACTIVIT\u00c9<\/p>\n<p class=\"descr\">Nouvelle journ\u00e9e m\u00e9morable de ce s\u00e9jour en famille dans les C\u00e9vennes ! La matin\u00e9e est consacr\u00e9e \u00e0 une initiation \u00e0 la via-ferrata au c\u0153ur du parc national des C\u00e9vennes, entour\u00e9s de for\u00eats de h\u00eatres et de ch\u00e2taigniers. Pique nique. L\u2019apr\u00e8s-midi, vous partez pour la perle des canyons c\u00e9venols. Esth\u00e9tique et ludique, ce d\u00e9couverte en famille du canyoning se joue dans un v\u00e9ritable \u00ab\u00a0aqualand\u00a0\u00bb naturel confectionn\u00e9 par Dame Nature! Nage en eaux vives, rappels, cascades, sauts jusqu\u2019\u00e0 10 m\u00e8tres (facultatifs), et toboggans naturels vous attendent pour le plus grand bonheur de toute la famille.<br \/>\nD\u00eener et nuit \u00e0 Meyrueis \u00e0 votre g\u00eete avec piscine (h\u00f4tel *** en option).<\/p>\n<\/li>\n<li class=\"day\">\n<div class=\"heading\">\n<div class=\"day\">Jour 3 :<\/div>\n<h2 class=\"title\">DESCENTE DES GORGES DU TARN<\/h2>\n<\/div>\n<p class=\"brief\">3 \u00e0 4H DE CANO\u00cb<\/p>\n<p class=\"descr\">Apr\u00e8s votre petit d\u00e9jeuner et un court transfert, vous embarquez pour la descente des gorges du Tarn en cano\u00eb ou en kayak. La navigation se fait au rythme de votre famille dans un cadre privil\u00e9gi\u00e9. Descente ponctu\u00e9e de baignades et de s\u00e9ances de bronzette !<br \/>\nD\u00eener et nuit \u00e0 Meyrueis \u00e0 votre g\u00eete avec piscine (h\u00f4tel *** en option).<\/p>\n<\/li>\n<li class=\"day\">\n<div class=\"heading\">\n<div class=\"day\">Jour 4 :<\/div>\n<h2 class=\"title\">RANDONN\u00c9E &amp; BAIGNADE DANS LES CEVENNES EN FAMILLE<\/h2>\n<\/div>\n<p class=\"brief\">4H DE MARCHE<\/p>\n<p class=\"descr\">Ambiance c\u00e9venole pour cette journ\u00e9e aux senteurs bois\u00e9es dans le massif de l&rsquo;Aigoual. Vous rencontrez de jolies petites rivi\u00e8res sauvages, creus\u00e9es de piscines naturelles propices \u00e0 la baignade. Autours du hameau envoutant de Saint Sauveur des Pourcils, un arboretum datant du 19\u00b0 si\u00e8cle vous permet d\u2019observer des essences d\u2019Europe, d\u2019Am\u00e9rique ou d\u2019Asie.<br \/>\nDiner et nuit \u00e0 Meyrueis.<\/p>\n<\/li>\n<li class=\"day\">\n<div class=\"heading\">\n<div class=\"day\">Jour 5 :<\/div>\n<h2 class=\"title\">VIA FERATTA DE LIAUCOUS &#8211; BALADE ET BAIGNADE<\/h2>\n<\/div>\n<p class=\"brief\">4H D\u2019ACTIVIT\u00c9<\/p>\n<p class=\"descr\">Aujourd&rsquo;hui, les plus t\u00e9m\u00e9raires passent aux choses s\u00e9rieuses\u2026 La via ferrata de Liaucous est l&rsquo;une des plus appr\u00e9ci\u00e9e de France par les amateurs pour son am\u00e9nagement rassurant, le paysage des C\u00e9vennes, les difficult\u00e9s et l&rsquo;ing\u00e9niosit\u00e9 de son cheminement. Deux parcours sont possibles, le parcours facile restant praticable par toute la famille. Les plus audacieux pourront effectuer des passages en surplombs, et d&rsquo;autres avec plus de 70 m\u00e8tres de vide sous les pieds. Pique-nique. L&rsquo;apr\u00e8s-midi libre est propice aux baignades et aux balades dans le village des C\u00e9vennes.<\/p>\n<\/li>\n<li class=\"day\">\n<div class=\"heading\">\n<div class=\"day\">Jour 6 :<\/div>\n<h2 class=\"title\">TROTTINETTE DE DESCENTE<\/h2>\n<\/div>\n<p class=\"brief\">4H D\u2019ACTIVIT\u00c9<\/p>\n<p class=\"descr\">Ce matin, court transfert jusqu\u2019au Mont Aigoual, toit du sud des C\u00e9vennes avec ses 1567 m\u00e8tres d&rsquo;altitude. Par temps clair, la vue y est imprenable. Vous pouvez apercevoir l\u2019Aubrac, le Mont Loz\u00e8re, le Mont Viso italien, le Canigou pyr\u00e9n\u00e9en, le Ventoux proven\u00e7al, en passant par la mer M\u00e9diterran\u00e9e. Temps fort de ce s\u00e9jour en famille, c&rsquo;est \u00e9quip\u00e9s de trottinettes modernes que vous d\u00e9valez les 18 km de pistes et sentiers \u00e0 votre rythme, jusqu\u2019au village de Meyrueis.<br \/>\nCe s\u00e9jour multi-activit\u00e9 en famille s&rsquo;ach\u00e8ve \u00e0 votre arriv\u00e9e \u00e0 Meyrueis en fin de matin\u00e9e.<\/p>\n<\/li>\n<\/ul>\n<div class=\"travel-trip-disclaimer\">\n<p class=\"text\">Quelques journ\u00e9es d\u2019activit\u00e9s sont modifi\u00e9es pour les s\u00e9jours se d\u00e9roulant durant les vacances de printemps et de la Toussaint.<br \/>\nJour 3 : SPELEOLOGIE<br \/>\nJour 5 : DESCENTE D\u2019UN CANYON SEC<br \/>\nDescente dans le lit d&rsquo;un canyon qui s&rsquo;est ass\u00e9ch\u00e9 au fil du temps pour nous laisser un magnifique terrain de jeu o\u00f9 vous pourrez descendre de multiples rappels, des jeux de mains courantes, une tyrolienne&#8230; Tout cela dans un cadre magnifique surplombant les Gorges du Tarn.<\/p>\n<\/div>\n<p>[\/vc_column_text][\/vc_column][\/vc_row][\/vc_section]<\/p>\n","protected":false},"excerpt":{"rendered":"<p>[vc_section][vc_row][vc_column][\/vc_column][\/vc_row][vc_row][vc_column][vc_column_text] D\u00e8s 10 ans. Patrimoine mondial de l&rsquo;UNESCO, les parcs des C\u00e9vennes et des Grands Causses sont des paradis pour les amoureux de sports de nature ! Faites le plein de grand air et de sensations en famille avec ce s\u00e9jour multi-activit\u00e9 au coeur des C\u00e9vennes. Descendez les Gorges du Tarn en cano\u00eb, aventurez-vous en [&hellip;]<\/p>\n","protected":false},"author":1,"featured_media":0,"parent":0,"menu_order":0,"comment_status":"closed","ping_status":"closed","template":"","meta":{"footnotes":""},"_links":{"self":[{"href":"https:\/\/maison-des-accompagnateurs.fr\/index.php?rest_route=\/wp\/v2\/pages\/3834"}],"collection":[{"href":"https:\/\/maison-des-accompagnateurs.fr\/index.php?rest_route=\/wp\/v2\/pages"}],"about":[{"href":"https:\/\/maison-des-accompagnateurs.fr\/index.php?rest_route=\/wp\/v2\/types\/page"}],"author":[{"embeddable":true,"href":"https:\/\/maison-des-accompagnateurs.fr\/index.php?rest_route=\/wp\/v2\/users\/1"}],"replies":[{"embeddable":true,"href":"https:\/\/maison-des-accompagnateurs.fr\/index.php?rest_route=%2Fwp%2Fv2%2Fcomments&post=3834"}],"version-history":[{"count":16,"href":"https:\/\/maison-des-accompagnateurs.fr\/index.php?rest_route=\/wp\/v2\/pages\/3834\/revisions"}],"predecessor-version":[{"id":4300,"href":"https:\/\/maison-des-accompagnateurs.fr\/index.php?rest_route=\/wp\/v2\/pages\/3834\/revisions\/4300"}],"wp:attachment":[{"href":"https:\/\/maison-des-accompagnateurs.fr\/index.php?rest_route=%2Fwp%2Fv2%2Fmedia&parent=3834"}],"curies":[{"name":"wp","href":"https:\/\/api.w.org\/{rel}","templated":true}]}}